{"id":12849,"date":"2024-11-12T14:22:55","date_gmt":"2024-11-12T22:22:55","guid":{"rendered":"https:\/\/iibayarea.local\/historias-del-iiba\/"},"modified":"2026-02-09T21:40:28","modified_gmt":"2026-02-10T05:40:28","slug":"historias-del-iiba","status":"publish","type":"page","link":"https:\/\/iibayarea.org\/es\/historias-del-iiba\/","title":{"rendered":"Historias del IIBA"},"content":{"rendered":"\n<div class=\"wp-block-stackable-posts alignwide stk-block-posts has-text-align-left stk-block stk-cf868f0 is-style-list\" data-v=\"2\" data-block-id=\"cf868f0\"><style>.stk-cf868f0 {--stk-columns:1 !important;--stk-column-gap:0px !important;max-width:1500px !important;min-width:auto !important;margin-top:-8px !important;margin-right:-200px !important;margin-bottom:2px !important;margin-left:-89px !important;}.stk-cf868f0-container .stk-block-posts__image-link{margin-bottom:9px !important;}.stk-cf868f0 .stk-block-posts__title{margin-bottom:5px !important;}.stk-cf868f0 .stk-block-posts__category{margin-bottom:21px !important;}.stk-cf868f0 .stk-block-posts__excerpt{margin-bottom:0px !important;}.stk-cf868f0 .stk-block-posts__meta{margin-bottom:5px !important;}.stk-cf868f0 .stk-block-posts__readmore{margin-bottom:14px !important;}.stk-cf868f0 .stk-container-padding{width:58% !important;}.stk-cf868f0 .stk-img-wrapper,  .stk-cf868f0-container .stk-block-posts__image-link{flex-basis:42% !important;height:248px !important;filter:drop-shadow(0px 5px 10px #9999995a) !important;}.stk-cf868f0 .stk-img-wrapper img,  .stk-cf868f0-container .stk-block-posts__image-link{transform:scale(1.04) !important;border-radius:0px !important;}<\/style><div class=\"stk-inner-blocks stk-content-align stk-cf868f0-column alignwide\"><div class=\"stk-block-posts__items\"><div class=\"stk-block-posts__item\"><div class=\"stk-container stk-cf868f0-container stk--no-background stk--no-padding\"><a href=\"https:\/\/iibayarea.org\/es\/carreras\/especialista-en-datos-e-informes-de-subvenciones-san-francisco\/\" class=\"stk-block-posts__image-link\"><\/a><article class=\"stk-container-padding\"><h3 class=\"stk-block-posts__title\"><a href=\"https:\/\/iibayarea.org\/es\/carreras\/especialista-en-datos-e-informes-de-subvenciones-san-francisco\/\">Especialista en datos e informes de subvenciones, San Francisco<\/a><\/h3><div class=\"stk-block-posts__excerpt\">El Especialista en Datos e Informes de Subvenciones es responsable de apoyar el ciclo de vida completo de la administraci\u00f3n de subvenciones y subcesionarios mediante la gesti\u00f3n precisa de datos, la elaboraci\u00f3n de informes y la supervisi\u00f3n del cumplimiento. Esta funci\u00f3n prepara y presenta los informes requeridos a los financiadores, mantiene datos y documentaci\u00f3n de&#8230;<\/div><a class=\"stk-block-posts__readmore\" href=\"https:\/\/iibayarea.org\/es\/carreras\/especialista-en-datos-e-informes-de-subvenciones-san-francisco\/\">!#leerm\u00e1sTexto!#<\/a><\/article><\/div><\/div><div class=\"stk-block-posts__item\"><div class=\"stk-container stk-cf868f0-container stk--no-background stk--no-padding\"><a href=\"https:\/\/iibayarea.org\/es\/immigrant-voices-es\/historias-del-iiba-bala\/\" class=\"stk-block-posts__image-link\"><figure class=\"stk-img-wrapper stk-image--shape-stretch stk--shadow-0px 5px 10px #9999995a\"><img loading=\"lazy\" decoding=\"async\" width=\"512\" height=\"172\" src=\"https:\/\/iibayarea.org\/wp-content\/uploads\/2026\/02\/Bala-Horizontal23-512x172.jpg\" class=\"attachment-medium size-medium wp-post-image\" alt=\"\" srcset=\"https:\/\/iibayarea.org\/wp-content\/uploads\/2026\/02\/Bala-Horizontal23-512x172.jpg 512w, https:\/\/iibayarea.org\/wp-content\/uploads\/2026\/02\/Bala-Horizontal23-1024x344.jpg 1024w, https:\/\/iibayarea.org\/wp-content\/uploads\/2026\/02\/Bala-Horizontal23-150x50.jpg 150w, https:\/\/iibayarea.org\/wp-content\/uploads\/2026\/02\/Bala-Horizontal23-768x258.jpg 768w, https:\/\/iibayarea.org\/wp-content\/uploads\/2026\/02\/Bala-Horizontal23-1536x516.jpg 1536w, https:\/\/iibayarea.org\/wp-content\/uploads\/2026\/02\/Bala-Horizontal23-2048x688.jpg 2048w\" sizes=\"auto, (max-width: 512px) 100vw, 512px\" \/><\/figure><\/a><article class=\"stk-container-padding\"><h3 class=\"stk-block-posts__title\"><a href=\"https:\/\/iibayarea.org\/es\/immigrant-voices-es\/historias-del-iiba-bala\/\">historias del iiba: BALA<\/a><\/h3><div class=\"stk-block-posts__excerpt\"><p>El Instituto de Inmigraci\u00f3n del \u00c1rea de la Bah\u00eda (IIBA) ha lanzado una campa\u00f1a -llamada I&#8217;M IIBA- que ensalza lo que sabemos que es el verdadero car\u00e1cter y las contribuciones positivas de los inmigrantes del \u00c1rea de la Bah\u00eda. Esta semana destacamos la inspiradora historia de Bala, dedicada colaboradora del IIBA y actual Vicepresidenta del&hellip;<\/p>\n<\/div><a class=\"stk-block-posts__readmore\" href=\"https:\/\/iibayarea.org\/es\/immigrant-voices-es\/historias-del-iiba-bala\/\">!#leerm\u00e1sTexto!#<\/a><\/article><\/div><\/div><div class=\"stk-block-posts__item\"><div class=\"stk-container stk-cf868f0-container stk--no-background stk--no-padding\"><a href=\"https:\/\/iibayarea.org\/es\/immigrant-voices-es\/historias-del-iiba-shelli\/\" class=\"stk-block-posts__image-link\"><\/a><article class=\"stk-container-padding\"><h3 class=\"stk-block-posts__title\"><a href=\"https:\/\/iibayarea.org\/es\/immigrant-voices-es\/historias-del-iiba-shelli\/\">HISTORIAS DEL IIBA: SHELLI<\/a><\/h3><div class=\"stk-block-posts__excerpt\"><p>El Instituto de Inmigraci\u00f3n del \u00c1rea de la Bah\u00eda (IIBA) ha lanzado una campa\u00f1a -llamada I&#8217;M IIBA- para ensalzar lo que sabemos que es el verdadero car\u00e1cter y las contribuciones positivas de los inmigrantes y los defensores de los inmigrantes en el \u00c1rea de la Bah\u00eda. Esta semana destacamos la inspiradora historia de Shelli, voluntaria&hellip;<\/p>\n<\/div><a class=\"stk-block-posts__readmore\" href=\"https:\/\/iibayarea.org\/es\/immigrant-voices-es\/historias-del-iiba-shelli\/\">!#leerm\u00e1sTexto!#<\/a><\/article><\/div><\/div><div class=\"stk-block-posts__item\"><div class=\"stk-container stk-cf868f0-container stk--no-background stk--no-padding\"><a href=\"https:\/\/iibayarea.org\/es\/immigrant-voices-es\/historias-del-iiba-laura\/\" class=\"stk-block-posts__image-link\"><\/a><article class=\"stk-container-padding\"><h3 class=\"stk-block-posts__title\"><a href=\"https:\/\/iibayarea.org\/es\/immigrant-voices-es\/historias-del-iiba-laura\/\">historias del iiba: LAURA<\/a><\/h3><div class=\"stk-block-posts__excerpt\"><p>El Instituto de Inmigraci\u00f3n del \u00c1rea de la Bah\u00eda (IIBA) ha lanzado una nueva campa\u00f1a -llamada I&#8217;M IIBA- que ensalza lo que sabemos que es el verdadero car\u00e1cter y las contribuciones positivas de los inmigrantes del \u00c1rea de la Bah\u00eda. Esta semana destacamos la inspiradora historia de Laura, abogada del IIBA. SOY LAURA Mi primer&hellip;<\/p>\n<\/div><a class=\"stk-block-posts__readmore\" href=\"https:\/\/iibayarea.org\/es\/immigrant-voices-es\/historias-del-iiba-laura\/\">!#leerm\u00e1sTexto!#<\/a><\/article><\/div><\/div><div class=\"stk-block-posts__item\"><div class=\"stk-container stk-cf868f0-container stk--no-background stk--no-padding\"><a href=\"https:\/\/iibayarea.org\/es\/immigrant-voices-es\/historias-del-iiba-jorge\/\" class=\"stk-block-posts__image-link\"><\/a><article class=\"stk-container-padding\"><h3 class=\"stk-block-posts__title\"><a href=\"https:\/\/iibayarea.org\/es\/immigrant-voices-es\/historias-del-iiba-jorge\/\">Historias del IIBA: Jorge<\/a><\/h3><div class=\"stk-block-posts__excerpt\"><p>El Instituto de Inmigraci\u00f3n del \u00c1rea de la Bah\u00eda (IIBA) ha lanzado una nueva campa\u00f1a -llamada I&#8217;M IIBA- que ensalza lo que sabemos que es el verdadero car\u00e1cter y las contribuciones positivas de los inmigrantes del \u00c1rea de la Bah\u00eda. Esta semana destacamos la inspiradora historia de Jorge SOY JORGE Algunos de mis recuerdos m\u00e1s&hellip;<\/p>\n<\/div><a class=\"stk-block-posts__readmore\" href=\"https:\/\/iibayarea.org\/es\/immigrant-voices-es\/historias-del-iiba-jorge\/\">!#leerm\u00e1sTexto!#<\/a><\/article><\/div><\/div><div class=\"stk-block-posts__item\"><div class=\"stk-container stk-cf868f0-container stk--no-background stk--no-padding\"><a href=\"https:\/\/iibayarea.org\/es\/immigrant-voices-es\/historias-del-iiba-susana\/\" class=\"stk-block-posts__image-link\"><\/a><article class=\"stk-container-padding\"><h3 class=\"stk-block-posts__title\"><a href=\"https:\/\/iibayarea.org\/es\/immigrant-voices-es\/historias-del-iiba-susana\/\">Historias del IIBA: Susana<\/a><\/h3><div class=\"stk-block-posts__excerpt\"><p>El Instituto de Inmigraci\u00f3n del \u00c1rea de la Bah\u00eda (IIBA) ha lanzado una nueva campa\u00f1a -llamada I&#8217;M IIBA- que ensalza lo que sabemos que es el verdadero car\u00e1cter y las contribuciones positivas de los inmigrantes del \u00c1rea de la Bah\u00eda. Esta semana destacamos la inspiradora historia de Susana Garc\u00eda. SOY Susana Soy una persona sociable&hellip;<\/p>\n<\/div><a class=\"stk-block-posts__readmore\" href=\"https:\/\/iibayarea.org\/es\/immigrant-voices-es\/historias-del-iiba-susana\/\">!#leerm\u00e1sTexto!#<\/a><\/article><\/div><\/div><div class=\"stk-block-posts__item\"><div class=\"stk-container stk-cf868f0-container stk--no-background stk--no-padding\"><a href=\"https:\/\/iibayarea.org\/es\/immigrant-voices-es\/construir-la-confianza-la-historia-de-jacqueline\/\" class=\"stk-block-posts__image-link\"><figure class=\"stk-img-wrapper stk-image--shape-stretch stk--shadow-0px 5px 10px #9999995a\"><img loading=\"lazy\" decoding=\"async\" width=\"512\" height=\"512\" src=\"https:\/\/iibayarea.org\/wp-content\/uploads\/2024\/09\/23-AR-2_Community-College-Spotlight_-Jacqueline-512x512.jpg\" class=\"attachment-medium size-medium wp-post-image\" alt=\"\" srcset=\"https:\/\/iibayarea.org\/wp-content\/uploads\/2024\/09\/23-AR-2_Community-College-Spotlight_-Jacqueline-512x512.jpg 512w, https:\/\/iibayarea.org\/wp-content\/uploads\/2024\/09\/23-AR-2_Community-College-Spotlight_-Jacqueline-1024x1024.jpg 1024w, https:\/\/iibayarea.org\/wp-content\/uploads\/2024\/09\/23-AR-2_Community-College-Spotlight_-Jacqueline-150x150.jpg 150w, https:\/\/iibayarea.org\/wp-content\/uploads\/2024\/09\/23-AR-2_Community-College-Spotlight_-Jacqueline-768x768.jpg 768w, https:\/\/iibayarea.org\/wp-content\/uploads\/2024\/09\/23-AR-2_Community-College-Spotlight_-Jacqueline-1536x1536.jpg 1536w, https:\/\/iibayarea.org\/wp-content\/uploads\/2024\/09\/23-AR-2_Community-College-Spotlight_-Jacqueline-2048x2048.jpg 2048w, https:\/\/iibayarea.org\/wp-content\/uploads\/2024\/09\/23-AR-2_Community-College-Spotlight_-Jacqueline-256x256.jpg 256w, https:\/\/iibayarea.org\/wp-content\/uploads\/2024\/09\/23-AR-2_Community-College-Spotlight_-Jacqueline-999x999.jpg 999w\" sizes=\"auto, (max-width: 512px) 100vw, 512px\" \/><\/figure><\/a><article class=\"stk-container-padding\"><h3 class=\"stk-block-posts__title\"><a href=\"https:\/\/iibayarea.org\/es\/immigrant-voices-es\/construir-la-confianza-la-historia-de-jacqueline\/\">Construir la confianza: La historia de Jacqueline<\/a><\/h3><div class=\"stk-block-posts__excerpt\"><p>Jacqueline naci\u00f3 en M\u00e9xico y lleg\u00f3 a Estados Unidos cuando ten\u00eda ocho a\u00f1os. Hoy es una de las m\u00e1s de medio mill\u00f3n de personas protegidas por el programa de Acci\u00f3n Diferida para los Llegados en la Infancia (DACA), que le da permiso temporal para vivir y trabajar en el pa\u00eds que ha conocido la mayor&hellip;<\/p>\n<\/div><a class=\"stk-block-posts__readmore\" href=\"https:\/\/iibayarea.org\/es\/immigrant-voices-es\/construir-la-confianza-la-historia-de-jacqueline\/\">!#leerm\u00e1sTexto!#<\/a><\/article><\/div><\/div><div class=\"stk-block-posts__item\"><div class=\"stk-container stk-cf868f0-container stk--no-background stk--no-padding\"><a href=\"https:\/\/iibayarea.org\/es\/immigrant-voices-es\/aprovechar-las-oportunidades-la-historia-de-isaac\/\" class=\"stk-block-posts__image-link\"><figure class=\"stk-img-wrapper stk-image--shape-stretch stk--shadow-0px 5px 10px #9999995a\"><img loading=\"lazy\" decoding=\"async\" width=\"512\" height=\"384\" src=\"https:\/\/iibayarea.org\/wp-content\/uploads\/2023\/09\/Isaac-with-Family-512x384.jpeg\" class=\"attachment-medium size-medium wp-post-image\" alt=\"\" srcset=\"https:\/\/iibayarea.org\/wp-content\/uploads\/2023\/09\/Isaac-with-Family-512x384.jpeg 512w, https:\/\/iibayarea.org\/wp-content\/uploads\/2023\/09\/Isaac-with-Family-1024x768.jpeg 1024w, https:\/\/iibayarea.org\/wp-content\/uploads\/2023\/09\/Isaac-with-Family-150x113.jpeg 150w, https:\/\/iibayarea.org\/wp-content\/uploads\/2023\/09\/Isaac-with-Family-768x576.jpeg 768w, https:\/\/iibayarea.org\/wp-content\/uploads\/2023\/09\/Isaac-with-Family-1536x1152.jpeg 1536w, https:\/\/iibayarea.org\/wp-content\/uploads\/2023\/09\/Isaac-with-Family-256x192.jpeg 256w, https:\/\/iibayarea.org\/wp-content\/uploads\/2023\/09\/Isaac-with-Family-1280x960.jpeg 1280w, https:\/\/iibayarea.org\/wp-content\/uploads\/2023\/09\/Isaac-with-Family-128x96.jpeg 128w, https:\/\/iibayarea.org\/wp-content\/uploads\/2023\/09\/Isaac-with-Family.jpeg 2048w\" sizes=\"auto, (max-width: 512px) 100vw, 512px\" \/><\/figure><\/a><article class=\"stk-container-padding\"><h3 class=\"stk-block-posts__title\"><a href=\"https:\/\/iibayarea.org\/es\/immigrant-voices-es\/aprovechar-las-oportunidades-la-historia-de-isaac\/\">Aprovechar las oportunidades: La historia de Isaac<\/a><\/h3><div class=\"stk-block-posts__excerpt\"><p>Para Isaac, crecer indocumentado significaba vivir con miedo constante. Con el apoyo legal y econ\u00f3mico del IIBA, Isaac ha podido mantener su estatus DACA sin pagar tasas desorbitadas, lo que le ha dado tranquilidad para buscar mejores oportunidades para su familia.   <\/p>\n<\/div><a class=\"stk-block-posts__readmore\" href=\"https:\/\/iibayarea.org\/es\/immigrant-voices-es\/aprovechar-las-oportunidades-la-historia-de-isaac\/\">!#leerm\u00e1sTexto!#<\/a><\/article><\/div><\/div><\/div><div class=\"stk-inner-blocks\"><\/div><\/div><\/div>\n","protected":false},"excerpt":{"rendered":"<p>Especialista en datos e informes de subvenciones, San Francisco El Especialista en Datos e Informes de Subvenciones es responsable de apoyar el ciclo de vida completo de la administraci\u00f3n de subvenciones y subcesionarios mediante la gesti\u00f3n precisa de datos, la elaboraci\u00f3n de informes y la supervisi\u00f3n del cumplimiento. Esta funci\u00f3n prepara y presenta los informes [&hellip;]<\/p>\n","protected":false},"author":22,"featured_media":0,"parent":0,"menu_order":59,"comment_status":"closed","ping_status":"closed","template":"page-fullwidth","meta":{"_acf_changed":false,"footnotes":""},"region":[],"class_list":["post-12849","page","type-page","status-publish","hentry"],"acf":[],"featured_image_urls_v2":{"full":"","thumbnail":"","medium":"","medium_large":"","large":"","1536x1536":"","2048x2048":"","gform-image-choice-sm":"","gform-image-choice-md":"","gform-image-choice-lg":""},"post_excerpt_stackable_v2":"<p>Especialista en datos e informes de subvenciones, San FranciscoEl Especialista en Datos e Informes de Subvenciones es responsable de apoyar el ciclo de vida completo de la administraci\u00f3n de subvenciones y subcesionarios mediante la gesti\u00f3n precisa de datos, la elaboraci\u00f3n de informes y la supervisi\u00f3n del cumplimiento. Esta funci\u00f3n prepara y presenta los informes requeridos a los financiadores, mantiene datos y documentaci\u00f3n de&#8230;!#leerm\u00e1sTexto!#historias del iiba: BALAEl Instituto de Inmigraci\u00f3n del \u00c1rea de la Bah\u00eda (IIBA) ha lanzado una campa\u00f1a -llamada I&#8217;M IIBA- que ensalza lo que sabemos que es el verdadero car\u00e1cter y las contribuciones positivas de los inmigrantes del&hellip;<\/p>\n","category_list_v2":"","author_info_v2":{"name":"Katerine Chung","url":"https:\/\/iibayarea.org\/es\/author\/kchung\/"},"comments_num_v2":"0 comentarios","yoast_head":"<!-- This site is optimized with the Yoast SEO plugin v27.5 - https:\/\/yoast.com\/product\/yoast-seo-wordpress\/ -->\n<title>Historias del IIBA | Immigration Institute of the Bay Area<\/title>\n<meta name=\"robots\" content=\"index, follow, max-snippet:-1, max-image-preview:large, max-video-preview:-1\" \/>\n<link rel=\"canonical\" href=\"https:\/\/iibayarea.org\/es\/historias-del-iiba\/\" \/>\n<meta property=\"og:locale\" content=\"es_ES\" \/>\n<meta property=\"og:type\" content=\"article\" \/>\n<meta property=\"og:title\" content=\"Historias del IIBA | Immigration Institute of the Bay Area\" \/>\n<meta property=\"og:description\" content=\"Especialista en datos e informes de subvenciones, San Francisco El Especialista en Datos e Informes de Subvenciones es responsable de apoyar el ciclo de vida completo de la administraci\u00f3n de subvenciones y subcesionarios mediante la gesti\u00f3n precisa de datos, la elaboraci\u00f3n de informes y la supervisi\u00f3n del cumplimiento. Esta funci\u00f3n prepara y presenta los informes [&hellip;]\" \/>\n<meta property=\"og:url\" content=\"https:\/\/iibayarea.org\/es\/historias-del-iiba\/\" \/>\n<meta property=\"og:site_name\" content=\"Immigration Institute of the Bay Area\" \/>\n<meta property=\"article:publisher\" content=\"https:\/\/facebook.com\/iiba1918\" \/>\n<meta property=\"article:modified_time\" content=\"2026-02-10T05:40:28+00:00\" \/>\n<meta name=\"twitter:card\" content=\"summary_large_image\" \/>\n<meta name=\"twitter:site\" content=\"@IIBA1918\" \/>\n<script type=\"application\/ld+json\" class=\"yoast-schema-graph\">{\"@context\":\"https:\\\/\\\/schema.org\",\"@graph\":[{\"@type\":\"WebPage\",\"@id\":\"https:\\\/\\\/iibayarea.org\\\/es\\\/historias-del-iiba\\\/\",\"url\":\"https:\\\/\\\/iibayarea.org\\\/es\\\/historias-del-iiba\\\/\",\"name\":\"Historias del IIBA | Immigration Institute of the Bay Area\",\"isPartOf\":{\"@id\":\"https:\\\/\\\/iibayarea.org\\\/es\\\/#website\"},\"datePublished\":\"2024-11-12T22:22:55+00:00\",\"dateModified\":\"2026-02-10T05:40:28+00:00\",\"breadcrumb\":{\"@id\":\"https:\\\/\\\/iibayarea.org\\\/es\\\/historias-del-iiba\\\/#breadcrumb\"},\"inLanguage\":\"es\",\"potentialAction\":[{\"@type\":\"ReadAction\",\"target\":[\"https:\\\/\\\/iibayarea.org\\\/es\\\/historias-del-iiba\\\/\"]}]},{\"@type\":\"BreadcrumbList\",\"@id\":\"https:\\\/\\\/iibayarea.org\\\/es\\\/historias-del-iiba\\\/#breadcrumb\",\"itemListElement\":[{\"@type\":\"ListItem\",\"position\":1,\"name\":\"Home\",\"item\":\"https:\\\/\\\/iibayarea.org\\\/es\\\/\"},{\"@type\":\"ListItem\",\"position\":2,\"name\":\"Historias del IIBA\"}]},{\"@type\":\"WebSite\",\"@id\":\"https:\\\/\\\/iibayarea.org\\\/es\\\/#website\",\"url\":\"https:\\\/\\\/iibayarea.org\\\/es\\\/\",\"name\":\"Immigration Institute of the Bay Area\",\"description\":\"a nonprofit providing immigration legal services\",\"publisher\":{\"@id\":\"https:\\\/\\\/iibayarea.org\\\/es\\\/#organization\"},\"potentialAction\":[{\"@type\":\"SearchAction\",\"target\":{\"@type\":\"EntryPoint\",\"urlTemplate\":\"https:\\\/\\\/iibayarea.org\\\/es\\\/?s={search_term_string}\"},\"query-input\":{\"@type\":\"PropertyValueSpecification\",\"valueRequired\":true,\"valueName\":\"search_term_string\"}}],\"inLanguage\":\"es\"},{\"@type\":\"Organization\",\"@id\":\"https:\\\/\\\/iibayarea.org\\\/es\\\/#organization\",\"name\":\"Immigration Institute of the Bay Area (IIBA)\",\"url\":\"https:\\\/\\\/iibayarea.org\\\/es\\\/\",\"logo\":{\"@type\":\"ImageObject\",\"inLanguage\":\"es\",\"@id\":\"https:\\\/\\\/iibayarea.org\\\/es\\\/#\\\/schema\\\/logo\\\/image\\\/\",\"url\":\"https:\\\/\\\/iibayarea.org\\\/wp-content\\\/uploads\\\/2022\\\/06\\\/Logo_Full_Name.png\",\"contentUrl\":\"https:\\\/\\\/iibayarea.org\\\/wp-content\\\/uploads\\\/2022\\\/06\\\/Logo_Full_Name.png\",\"width\":4800,\"height\":1200,\"caption\":\"Immigration Institute of the Bay Area (IIBA)\"},\"image\":{\"@id\":\"https:\\\/\\\/iibayarea.org\\\/es\\\/#\\\/schema\\\/logo\\\/image\\\/\"},\"sameAs\":[\"https:\\\/\\\/facebook.com\\\/iiba1918\",\"https:\\\/\\\/x.com\\\/IIBA1918\",\"https:\\\/\\\/www.instagram.com\\\/iiba1918\\\/\",\"https:\\\/\\\/www.linkedin.com\\\/company\\\/international-institute-of-the-bay-area\"]}]}<\/script>\n<!-- \/ Yoast SEO plugin. -->","yoast_head_json":{"title":"Historias del IIBA | Immigration Institute of the Bay Area","robots":{"index":"index","follow":"follow","max-snippet":"max-snippet:-1","max-image-preview":"max-image-preview:large","max-video-preview":"max-video-preview:-1"},"canonical":"https:\/\/iibayarea.org\/es\/historias-del-iiba\/","og_locale":"es_ES","og_type":"article","og_title":"Historias del IIBA | Immigration Institute of the Bay Area","og_description":"Especialista en datos e informes de subvenciones, San Francisco El Especialista en Datos e Informes de Subvenciones es responsable de apoyar el ciclo de vida completo de la administraci\u00f3n de subvenciones y subcesionarios mediante la gesti\u00f3n precisa de datos, la elaboraci\u00f3n de informes y la supervisi\u00f3n del cumplimiento. Esta funci\u00f3n prepara y presenta los informes [&hellip;]","og_url":"https:\/\/iibayarea.org\/es\/historias-del-iiba\/","og_site_name":"Immigration Institute of the Bay Area","article_publisher":"https:\/\/facebook.com\/iiba1918","article_modified_time":"2026-02-10T05:40:28+00:00","twitter_card":"summary_large_image","twitter_site":"@IIBA1918","schema":{"@context":"https:\/\/schema.org","@graph":[{"@type":"WebPage","@id":"https:\/\/iibayarea.org\/es\/historias-del-iiba\/","url":"https:\/\/iibayarea.org\/es\/historias-del-iiba\/","name":"Historias del IIBA | Immigration Institute of the Bay Area","isPartOf":{"@id":"https:\/\/iibayarea.org\/es\/#website"},"datePublished":"2024-11-12T22:22:55+00:00","dateModified":"2026-02-10T05:40:28+00:00","breadcrumb":{"@id":"https:\/\/iibayarea.org\/es\/historias-del-iiba\/#breadcrumb"},"inLanguage":"es","potentialAction":[{"@type":"ReadAction","target":["https:\/\/iibayarea.org\/es\/historias-del-iiba\/"]}]},{"@type":"BreadcrumbList","@id":"https:\/\/iibayarea.org\/es\/historias-del-iiba\/#breadcrumb","itemListElement":[{"@type":"ListItem","position":1,"name":"Home","item":"https:\/\/iibayarea.org\/es\/"},{"@type":"ListItem","position":2,"name":"Historias del IIBA"}]},{"@type":"WebSite","@id":"https:\/\/iibayarea.org\/es\/#website","url":"https:\/\/iibayarea.org\/es\/","name":"Immigration Institute of the Bay Area","description":"a nonprofit providing immigration legal services","publisher":{"@id":"https:\/\/iibayarea.org\/es\/#organization"},"potentialAction":[{"@type":"SearchAction","target":{"@type":"EntryPoint","urlTemplate":"https:\/\/iibayarea.org\/es\/?s={search_term_string}"},"query-input":{"@type":"PropertyValueSpecification","valueRequired":true,"valueName":"search_term_string"}}],"inLanguage":"es"},{"@type":"Organization","@id":"https:\/\/iibayarea.org\/es\/#organization","name":"Immigration Institute of the Bay Area (IIBA)","url":"https:\/\/iibayarea.org\/es\/","logo":{"@type":"ImageObject","inLanguage":"es","@id":"https:\/\/iibayarea.org\/es\/#\/schema\/logo\/image\/","url":"https:\/\/iibayarea.org\/wp-content\/uploads\/2022\/06\/Logo_Full_Name.png","contentUrl":"https:\/\/iibayarea.org\/wp-content\/uploads\/2022\/06\/Logo_Full_Name.png","width":4800,"height":1200,"caption":"Immigration Institute of the Bay Area (IIBA)"},"image":{"@id":"https:\/\/iibayarea.org\/es\/#\/schema\/logo\/image\/"},"sameAs":["https:\/\/facebook.com\/iiba1918","https:\/\/x.com\/IIBA1918","https:\/\/www.instagram.com\/iiba1918\/","https:\/\/www.linkedin.com\/company\/international-institute-of-the-bay-area"]}]}},"_links":{"self":[{"href":"https:\/\/iibayarea.org\/es\/wp-json\/wp\/v2\/pages\/12849","targetHints":{"allow":["GET"]}}],"collection":[{"href":"https:\/\/iibayarea.org\/es\/wp-json\/wp\/v2\/pages"}],"about":[{"href":"https:\/\/iibayarea.org\/es\/wp-json\/wp\/v2\/types\/page"}],"author":[{"embeddable":true,"href":"https:\/\/iibayarea.org\/es\/wp-json\/wp\/v2\/users\/22"}],"replies":[{"embeddable":true,"href":"https:\/\/iibayarea.org\/es\/wp-json\/wp\/v2\/comments?post=12849"}],"version-history":[{"count":0,"href":"https:\/\/iibayarea.org\/es\/wp-json\/wp\/v2\/pages\/12849\/revisions"}],"wp:attachment":[{"href":"https:\/\/iibayarea.org\/es\/wp-json\/wp\/v2\/media?parent=12849"}],"wp:term":[{"taxonomy":"region","embeddable":true,"href":"https:\/\/iibayarea.org\/es\/wp-json\/wp\/v2\/region?post=12849"}],"curies":[{"name":"wp","href":"https:\/\/api.w.org\/{rel}","templated":true}]}}